{"id":17,"date":"2012-12-06T21:14:37","date_gmt":"2012-12-06T20:14:37","guid":{"rendered":"http:\/\/www2.dame-a-la-licorne.com\/tour-de-main\/"},"modified":"2022-12-11T20:32:01","modified_gmt":"2022-12-11T19:32:01","slug":"tour-de-main","status":"publish","type":"page","link":"https:\/\/www.dame-a-la-licorne.com\/?page_id=17","title":{"rendered":"Descriptif de costumes"},"content":{"rendered":"<p><a href=\"https:\/\/www.dame-a-la-licorne.com\/wp-content\/uploads\/2012\/12\/Houppelande-femme.jpg\"><img loading=\"lazy\" decoding=\"async\" class=\"wp-image-381 size-medium alignleft\" title=\"Houppelande femme\" src=\"https:\/\/www.dame-a-la-licorne.com\/wp-content\/uploads\/2012\/12\/Houppelande-femme-175x300.jpg\" alt=\"\" width=\"175\" height=\"300\" srcset=\"https:\/\/www.dame-a-la-licorne.com\/wp-content\/uploads\/2012\/12\/Houppelande-femme-175x300.jpg 175w, https:\/\/www.dame-a-la-licorne.com\/wp-content\/uploads\/2012\/12\/Houppelande-femme-87x150.jpg 87w, https:\/\/www.dame-a-la-licorne.com\/wp-content\/uploads\/2012\/12\/Houppelande-femme-598x1024.jpg 598w, https:\/\/www.dame-a-la-licorne.com\/wp-content\/uploads\/2012\/12\/Houppelande-femme-210x360.jpg 210w, https:\/\/www.dame-a-la-licorne.com\/wp-content\/uploads\/2012\/12\/Houppelande-femme.jpg 1898w\" sizes=\"auto, (max-width: 175px) 100vw, 175px\" \/><\/a><\/p>\n<p>&nbsp;<\/p>\n<p>XIII \u00e8me si\u00e8cle: COTTE<\/p>\n<address>Robe de Noble Dame, ajust\u00e9e au buste, d\u00e9collet\u00e9 carr\u00e9,<\/address>\n<address>manches longues \u00e9vas\u00e9es orn\u00e9es de galon,<\/address>\n<address>longue jupe \u00e0 tra\u00eene, accessoiris\u00e9e d\u2019un tambourin,<\/address>\n<address>d\u2019un voile, d\u2019une ceinture\u00a0 la\u00e7age au dos, bande de courtoisie.<\/address>\n<address>Mati\u00e8res utilis\u00e9es : coton, velours.<\/address>\n<address>\u00a0<\/address>\n<address>\u00a0<\/address>\n<address>\u00a0<\/address>\n<address>\u00a0<\/address>\n<address>\u00a0<\/address>\n<address>\u00a0<\/address>\n<address>\u00a0<\/address>\n<address>\n<address><a href=\"https:\/\/www.dame-a-la-licorne.com\/wp-content\/uploads\/2012\/12\/Moyen-\u00e2ge-Paysan.jpg\"><img loading=\"lazy\" decoding=\"async\" class=\"wp-image-406 size-medium alignleft\" title=\"Moyen-\u00e2ge Paysan\" src=\"https:\/\/www.dame-a-la-licorne.com\/wp-content\/uploads\/2012\/12\/Moyen-\u00e2ge-Paysan-175x300.jpg\" alt=\"\" width=\"175\" height=\"300\" srcset=\"https:\/\/www.dame-a-la-licorne.com\/wp-content\/uploads\/2012\/12\/Moyen-\u00e2ge-Paysan-175x300.jpg 175w, https:\/\/www.dame-a-la-licorne.com\/wp-content\/uploads\/2012\/12\/Moyen-\u00e2ge-Paysan-87x150.jpg 87w, https:\/\/www.dame-a-la-licorne.com\/wp-content\/uploads\/2012\/12\/Moyen-\u00e2ge-Paysan-597x1024.jpg 597w, https:\/\/www.dame-a-la-licorne.com\/wp-content\/uploads\/2012\/12\/Moyen-\u00e2ge-Paysan-210x360.jpg 210w, https:\/\/www.dame-a-la-licorne.com\/wp-content\/uploads\/2012\/12\/Moyen-\u00e2ge-Paysan.jpg 2026w\" sizes=\"auto, (max-width: 175px) 100vw, 175px\" \/><\/a><\/address>\n<address>\u00a0<\/address>\n<address>Moyen \u00e2ge:<span style=\"text-decoration: underline;\">Paysan<\/span><\/address>\n<address>Costume compos\u00e9\u00a0: d\u2019une chainse (chemise) courte ou longue\u00a0 de braies longues (pantalon), d\u2019un bliaud (tunique) port\u00e9 par-dessus la chainse,<\/address>\n<address>d\u2019un aumusse (capuchon), d\u2019un cale (bonnet), d\u2019une paire de chausses, accessoiris\u00e9 d\u2019une ceinture et d\u2019une bourse.<\/address>\n<address>Mati\u00e8res utilis\u00e9es\u00a0: coton, lin, laine.<\/address>\n<\/address>\n<address>\u00a0<\/address>\n<address>\u00a0<\/address>\n<address>\u00a0<\/address>\n<address>\u00a0<\/address>\n<address>\u00a0<\/address>\n<address>\u00a0<\/address>\n<address>\u00a0<\/address>\n<address>\u00a0<\/address>\n<address>\u00a0<\/address>\n<address>\n<address><a href=\"https:\/\/www.dame-a-la-licorne.com\/wp-content\/uploads\/2012\/12\/Moyen-\u00e2ge-Paysanne.jpg\"><img loading=\"lazy\" decoding=\"async\" class=\"wp-image-409 size-medium alignleft\" title=\"Moyen-\u00e2ge Paysanne\" src=\"https:\/\/www.dame-a-la-licorne.com\/wp-content\/uploads\/2012\/12\/Moyen-\u00e2ge-Paysanne-170x300.jpg\" alt=\"\" width=\"170\" height=\"300\" srcset=\"https:\/\/www.dame-a-la-licorne.com\/wp-content\/uploads\/2012\/12\/Moyen-\u00e2ge-Paysanne-170x300.jpg 170w, https:\/\/www.dame-a-la-licorne.com\/wp-content\/uploads\/2012\/12\/Moyen-\u00e2ge-Paysanne-85x150.jpg 85w, https:\/\/www.dame-a-la-licorne.com\/wp-content\/uploads\/2012\/12\/Moyen-\u00e2ge-Paysanne-581x1024.jpg 581w, https:\/\/www.dame-a-la-licorne.com\/wp-content\/uploads\/2012\/12\/Moyen-\u00e2ge-Paysanne-204x360.jpg 204w, https:\/\/www.dame-a-la-licorne.com\/wp-content\/uploads\/2012\/12\/Moyen-\u00e2ge-Paysanne.jpg 1894w\" sizes=\"auto, (max-width: 170px) 100vw, 170px\" \/><\/a><\/address>\n<address><span style=\"text-decoration: underline;\">\u00a0Paysanne<\/span><\/address>\n<address>Costume Dame compos\u00e9 d\u2019une chainse (chemise) d\u2019un bliaud (tunique),<\/address>\n<address>d\u2019un aumusse (capuchon), d\u2019une coiffe de toile, accessoiris\u00e9 d\u2019une ceinture et d\u2019une bourse de toile.<\/address>\n<address>Mati\u00e8res utilis\u00e9es\u00a0: coton, lin, laine.<\/address>\n<\/address>\n<address>\u00a0<\/address>\n<address>\u00a0<\/address>\n<address>\u00a0<\/address>\n<address>\u00a0<\/address>\n<address>\u00a0<\/address>\n<address>\u00a0<\/address>\n<address>\u00a0<\/address>\n<address>\u00a0<\/address>\n<address>\u00a0<\/address>\n<address>\n<address><a href=\"https:\/\/www.dame-a-la-licorne.com\/wp-content\/uploads\/2012\/12\/Troubadour.jpg\"><img loading=\"lazy\" decoding=\"async\" class=\"wp-image-412 size-medium alignleft\" title=\"Troubadour\" src=\"https:\/\/www.dame-a-la-licorne.com\/wp-content\/uploads\/2012\/12\/Troubadour-190x300.jpg\" alt=\"\" width=\"190\" height=\"300\" srcset=\"https:\/\/www.dame-a-la-licorne.com\/wp-content\/uploads\/2012\/12\/Troubadour-190x300.jpg 190w, https:\/\/www.dame-a-la-licorne.com\/wp-content\/uploads\/2012\/12\/Troubadour-95x150.jpg 95w, https:\/\/www.dame-a-la-licorne.com\/wp-content\/uploads\/2012\/12\/Troubadour-650x1024.jpg 650w, https:\/\/www.dame-a-la-licorne.com\/wp-content\/uploads\/2012\/12\/Troubadour-228x360.jpg 228w\" sizes=\"auto, (max-width: 190px) 100vw, 190px\" \/><\/a><\/address>\n<address><span style=\"text-decoration: underline;\">\u00a0Les troubadours<\/span><\/address>\n<address>Tuniques courtes bicolores, fermeture par la\u00e7age,<\/address>\n<address>ou multicolores en version longues, accessoiris\u00e9es de collants de couleurs,<\/address>\n<address>de coiffes \u00e0 grelots et de poulaines aux couleurs vari\u00e9es.<\/address>\n<address>Mati\u00e8res utilis\u00e9es\u00a0: coton<\/address>\n<\/address>\n<address>\u00a0<\/address>\n<address>\u00a0<\/address>\n<address>\u00a0<\/address>\n<address>\u00a0<\/address>\n<address>\u00a0<\/address>\n<address>\u00a0<\/address>\n<address>\u00a0<\/address>\n<address>\u00a0<\/address>\n<address>\n<address><a href=\"https:\/\/www.dame-a-la-licorne.com\/wp-content\/uploads\/2012\/12\/Cotte-e1670786239626.jpg\"><img loading=\"lazy\" decoding=\"async\" class=\"wp-image-378 size-medium alignleft\" title=\"Cotte\" src=\"https:\/\/www.dame-a-la-licorne.com\/wp-content\/uploads\/2012\/12\/Cotte-e1670786239626-181x300.jpg\" alt=\"\" width=\"181\" height=\"300\" srcset=\"https:\/\/www.dame-a-la-licorne.com\/wp-content\/uploads\/2012\/12\/Cotte-e1670786239626-181x300.jpg 181w, https:\/\/www.dame-a-la-licorne.com\/wp-content\/uploads\/2012\/12\/Cotte-e1670786239626-617x1024.jpg 617w, https:\/\/www.dame-a-la-licorne.com\/wp-content\/uploads\/2012\/12\/Cotte-e1670786239626-217x360.jpg 217w, https:\/\/www.dame-a-la-licorne.com\/wp-content\/uploads\/2012\/12\/Cotte-e1670786239626-768x1274.jpg 768w, https:\/\/www.dame-a-la-licorne.com\/wp-content\/uploads\/2012\/12\/Cotte-e1670786239626.jpg 1942w\" sizes=\"auto, (max-width: 181px) 100vw, 181px\" \/><\/a><\/address>\n<address>Fin XIV \u00e8me si\u00e8cle\/d\u00e9but XV \u00e8me: HOUPPELANDE<\/address>\n<address>Robe de Noble Dame, cintr\u00e9e sous la poitrine, encolure carr\u00e9e pourvue de grandes manches \u00e9vas\u00e9es \u00e0\u00a0 \u00abD\u00e9chiquetures \u00bb orn\u00e9e de galon et de bijoux.<\/address>\n<address>La\u00e7age au dos, bande\u00a0 de courtoisie, accessoiris\u00e9e d\u2019une ceinture, d\u2019un escoffion (coiffe) et d\u2019une aum\u00f4ni\u00e8re.<\/address>\n<address>Mati\u00e8res utilis\u00e9es : velours, soieries, damass\u00e9s<\/address>\n<address>\u00a0<\/address>\n<address>\u00a0<\/address>\n<address>\u00a0<\/address>\n<address>\u00a0<\/address>\n<address>\u00a0<\/address>\n<address>\u00a0<\/address>\n<address>\u00a0<\/address>\n<address>\u00a0<\/address>\n<\/address>\n<address>\u00a0<\/address>\n<address><a href=\"https:\/\/www.dame-a-la-licorne.com\/wp-content\/uploads\/2012\/12\/Houppelande-homme.jpg\"><img loading=\"lazy\" decoding=\"async\" class=\"wp-image-384 size-medium alignleft\" title=\"Houppelande homme\" src=\"https:\/\/www.dame-a-la-licorne.com\/wp-content\/uploads\/2012\/12\/Houppelande-homme-185x300.jpg\" alt=\"\" width=\"185\" height=\"300\" srcset=\"https:\/\/www.dame-a-la-licorne.com\/wp-content\/uploads\/2012\/12\/Houppelande-homme-185x300.jpg 185w, https:\/\/www.dame-a-la-licorne.com\/wp-content\/uploads\/2012\/12\/Houppelande-homme-92x150.jpg 92w, https:\/\/www.dame-a-la-licorne.com\/wp-content\/uploads\/2012\/12\/Houppelande-homme-633x1024.jpg 633w, https:\/\/www.dame-a-la-licorne.com\/wp-content\/uploads\/2012\/12\/Houppelande-homme-222x360.jpg 222w, https:\/\/www.dame-a-la-licorne.com\/wp-content\/uploads\/2012\/12\/Houppelande-homme.jpg 1929w\" sizes=\"auto, (max-width: 185px) 100vw, 185px\" \/><\/a><\/address>\n<address>\u00a0<\/address>\n<address>Fin XIV \u00e8me-d\u00e9but XV \u00e8me si\u00e8cle: <span style=\"text-decoration: underline;\">HOUPPELANDE Homme<\/span><\/address>\n<address>A partir du XIV \u00e8me si\u00e8cle, le costume masculin raccourcit,<\/address>\n<address>\u00a0les chausses deviennent collantes\u00a0.<\/address>\n<address>Col montant dit en \u00ab\u00a0carcaille\u00a0\u00bb, accessoiris\u00e9 d\u2019une ceinture richement orn\u00e9e,<\/address>\n<address>\u00a0d\u2019une escarcelle et d\u2019un chaperon (coiffe)<\/address>\n<address>Mati\u00e8res utilis\u00e9es\u00a0: velours, damas.<\/address>\n<address>\u00a0<\/address>\n<address>\u00a0<\/address>\n<address>\u00a0<\/address>\n<address>\u00a0<\/address>\n<address>\u00a0<\/address>\n<address>\u00a0<\/address>\n<address>\u00a0<\/address>\n<address>\u00a0<\/address>\n<address><a href=\"https:\/\/www.dame-a-la-licorne.com\/wp-content\/uploads\/2012\/12\/Renaissance-Fran\u00e7ois-1er.jpg\"><img loading=\"lazy\" decoding=\"async\" class=\"wp-image-387 size-medium alignleft\" title=\"Renaissance Fran\u00e7ois 1er\" src=\"https:\/\/www.dame-a-la-licorne.com\/wp-content\/uploads\/2012\/12\/Renaissance-Fran\u00e7ois-1er-221x300.jpg\" alt=\"\" width=\"221\" height=\"300\" srcset=\"https:\/\/www.dame-a-la-licorne.com\/wp-content\/uploads\/2012\/12\/Renaissance-Fran\u00e7ois-1er-221x300.jpg 221w, https:\/\/www.dame-a-la-licorne.com\/wp-content\/uploads\/2012\/12\/Renaissance-Fran\u00e7ois-1er-110x150.jpg 110w, https:\/\/www.dame-a-la-licorne.com\/wp-content\/uploads\/2012\/12\/Renaissance-Fran\u00e7ois-1er-756x1024.jpg 756w, https:\/\/www.dame-a-la-licorne.com\/wp-content\/uploads\/2012\/12\/Renaissance-Fran\u00e7ois-1er-265x360.jpg 265w\" sizes=\"auto, (max-width: 221px) 100vw, 221px\" \/><\/a><\/address>\n<address>XVI \u00e8me si\u00e8cle\/Renaissance : <span style=\"text-decoration: underline;\">Fran\u00e7ois\u00a0 1<sup>er<\/sup><\/span><\/address>\n<address>R\u00e9plique du costume de Fran\u00e7ois 1<sup>er<\/sup> compos\u00e9 d\u2019un haut de chausses, d\u2019un pourpoint court sans collet, aux manches orn\u00e9es de crev\u00e9es, laissant appara\u00eetre la chemise fronc\u00e9e, (les crev\u00e9es sont des entailles dans le tissu du v\u00eatement de dessus, pour montrer la chemise du dessous). Une casaque (manteau court) laisse voir les manches du pourpoint. Influenc\u00e9 de la mode italienne, le b\u00e9ret s\u2019orne de plumes.<\/address>\n<address>Mati\u00e8res utilis\u00e9es\u00a0: soieries, velours, brocarts, satins, taffetas.<\/address>\n<address>\u00a0<\/address>\n<address>\u00a0<\/address>\n<address>\u00a0<\/address>\n<address>\u00a0<\/address>\n<address>\u00a0<\/address>\n<address>\u00a0<\/address>\n<address>\u00a0<\/address>\n<address>\u00a0<\/address>\n<p><a href=\"https:\/\/www.dame-a-la-licorne.com\/wp-content\/uploads\/2012\/12\/Renaissance-claude-de-France.jpg\"><img loading=\"lazy\" decoding=\"async\" class=\"wp-image-390 size-medium alignleft\" title=\"Renaissance claude de France\" src=\"https:\/\/www.dame-a-la-licorne.com\/wp-content\/uploads\/2012\/12\/Renaissance-claude-de-France-180x300.jpg\" alt=\"\" width=\"180\" height=\"300\" srcset=\"https:\/\/www.dame-a-la-licorne.com\/wp-content\/uploads\/2012\/12\/Renaissance-claude-de-France-180x300.jpg 180w, https:\/\/www.dame-a-la-licorne.com\/wp-content\/uploads\/2012\/12\/Renaissance-claude-de-France-90x150.jpg 90w, https:\/\/www.dame-a-la-licorne.com\/wp-content\/uploads\/2012\/12\/Renaissance-claude-de-France-617x1024.jpg 617w, https:\/\/www.dame-a-la-licorne.com\/wp-content\/uploads\/2012\/12\/Renaissance-claude-de-France-216x360.jpg 216w, https:\/\/www.dame-a-la-licorne.com\/wp-content\/uploads\/2012\/12\/Renaissance-claude-de-France.jpg 1946w\" sizes=\"auto, (max-width: 180px) 100vw, 180px\" \/><\/a><\/p>\n<address>XVI \u00e8me si\u00e8cle\/Renaissance:<span style=\"text-decoration: underline;\">Robe Claude de France<\/span><\/address>\n<address>Un accessoire important voit le jour\u00a0: le Vertugadin (jupon empes\u00e9 de forme conique).<\/address>\n<address>D\u00e9collet\u00e9 carr\u00e9, orn\u00e9 de bijoux, manches larges, ceinture brod\u00e9e, la\u00e7age au dos, bande de courtoisie.<\/address>\n<address>\u00a0Accessoiris\u00e9e d\u2019une coiffe, et d\u2019une aum\u00f4ni\u00e8re assortie.<\/address>\n<address>Mati\u00e8res utilis\u00e9es\u00a0: satins, soieries, brocarts, damass\u00e9.<\/address>\n<address>\u00a0<\/address>\n<address>\u00a0<\/address>\n<address>\u00a0<\/address>\n<address>\u00a0<\/address>\n<address>\u00a0<\/address>\n<address>\u00a0<\/address>\n<address>\u00a0<\/address>\n<address>\u00a0<\/address>\n<address>\u00a0<\/address>\n<address><a href=\"https:\/\/www.dame-a-la-licorne.com\/wp-content\/uploads\/2012\/12\/Garde-du-roi.jpg\"><img loading=\"lazy\" decoding=\"async\" class=\"wp-image-392 size-medium alignleft\" title=\"Garde du roi\" src=\"https:\/\/www.dame-a-la-licorne.com\/wp-content\/uploads\/2012\/12\/Garde-du-roi-178x300.jpg\" alt=\"\" width=\"178\" height=\"300\" srcset=\"https:\/\/www.dame-a-la-licorne.com\/wp-content\/uploads\/2012\/12\/Garde-du-roi-178x300.jpg 178w, https:\/\/www.dame-a-la-licorne.com\/wp-content\/uploads\/2012\/12\/Garde-du-roi-89x150.jpg 89w, https:\/\/www.dame-a-la-licorne.com\/wp-content\/uploads\/2012\/12\/Garde-du-roi-609x1024.jpg 609w, https:\/\/www.dame-a-la-licorne.com\/wp-content\/uploads\/2012\/12\/Garde-du-roi-214x360.jpg 214w, https:\/\/www.dame-a-la-licorne.com\/wp-content\/uploads\/2012\/12\/Garde-du-roi.jpg 1978w\" sizes=\"auto, (max-width: 178px) 100vw, 178px\" \/><\/a>\u00a0<\/address>\n<address><span style=\"text-decoration: underline;\">Costume de Garde du Roi XVI\u00e8me si\u00e8cle<\/span><\/address>\n<address>Compos\u00e9 d\u2019un haut de chausses,<\/address>\n<address>\u00a0d\u2019un pourpoint court fleurdelys\u00e9 aux manches longues.<\/address>\n<address>Accessoire typique de cette \u00e9poque\u00a0: la Fraise<\/address>\n<address>\u00a0(col form\u00e9 de plis ou godrons plac\u00e9 autour du cou)<\/address>\n<address>Une toque \u00e0 plumes termine ce costume,<\/address>\n<address>\u00a0fermeture par la\u00e7age au dos- bande de courtoisie.<\/address>\n<address>Mati\u00e8res utilis\u00e9es\u00a0: velours, satins, camelot.<\/address>\n<address>\u00a0<\/address>\n<address>\u00a0<\/address>\n<address>\u00a0<\/address>\n<address>\u00a0<\/address>\n<address>\u00a0<\/address>\n<address>\u00a0<\/address>\n<address>\u00a0<a href=\"https:\/\/www.dame-a-la-licorne.com\/wp-content\/uploads\/2012\/12\/Marie-de-M\u00e9dicis.jpg\"><img loading=\"lazy\" decoding=\"async\" class=\"wp-image-400 size-medium alignleft\" title=\"Marie de M\u00e9dicis\" src=\"https:\/\/www.dame-a-la-licorne.com\/wp-content\/uploads\/2012\/12\/Marie-de-M\u00e9dicis-211x300.jpg\" alt=\"\" width=\"211\" height=\"300\" srcset=\"https:\/\/www.dame-a-la-licorne.com\/wp-content\/uploads\/2012\/12\/Marie-de-M\u00e9dicis-211x300.jpg 211w, https:\/\/www.dame-a-la-licorne.com\/wp-content\/uploads\/2012\/12\/Marie-de-M\u00e9dicis-105x150.jpg 105w, https:\/\/www.dame-a-la-licorne.com\/wp-content\/uploads\/2012\/12\/Marie-de-M\u00e9dicis-723x1024.jpg 723w, https:\/\/www.dame-a-la-licorne.com\/wp-content\/uploads\/2012\/12\/Marie-de-M\u00e9dicis-254x360.jpg 254w, https:\/\/www.dame-a-la-licorne.com\/wp-content\/uploads\/2012\/12\/Marie-de-M\u00e9dicis.jpg 1932w\" sizes=\"auto, (max-width: 211px) 100vw, 211px\" \/><\/a><\/address>\n<address>\u00a0XVI \u00e8me \/ XVII \u00e8me si\u00e8cle: <span style=\"text-decoration: underline;\">Robe\u00a0 Marie de M\u00e9dicis<\/span><\/address>\n<address>Robe \u00e0 corsage cintr\u00e9 et ajust\u00e9, d\u00e9collet\u00e9 carr\u00e9 termin\u00e9 par un collet montant ferm\u00e9 jusqu\u2019\u00e0 la \u00ab\u00a0fraise\u00a0\u00bb qui prend de l\u2019ampleur. La mode est aux manches \u00e0 \u00ab\u00a0crev\u00e9es\u00a0\u00bb, remont\u00e9es \u00e0 \u00e9tages successifs. La taille est mise en valeur par le \u00ab\u00a0vertugadin \u00e0 la fran\u00e7aise\u00a0\u00bb. (Bourrelet plac\u00e9 au niveau des hanches sous la robe). Une ceinture \u00e0 pans orne la jupe accessoiris\u00e9e d\u2019une toque (coiffe), et d\u2019une aum\u00f4ni\u00e8re assortie.<\/address>\n<address>Mati\u00e8res utilis\u00e9es\u00a0: soieries, velours, taffetas, satins.<\/address>\n<address>\u00a0<\/address>\n<address>\u00a0<\/address>\n<address>\u00a0<\/address>\n<address>\u00a0<\/address>\n<address>\u00a0<\/address>\n<address>\u00a0<\/address>\n<p><a href=\"https:\/\/www.dame-a-la-licorne.com\/wp-content\/uploads\/2012\/12\/Henri-IV.jpg\"><img loading=\"lazy\" decoding=\"async\" class=\"wp-image-403 size-medium alignleft\" title=\"Henri IV\" src=\"https:\/\/www.dame-a-la-licorne.com\/wp-content\/uploads\/2012\/12\/Henri-IV-165x300.jpg\" alt=\"\" width=\"165\" height=\"300\" srcset=\"https:\/\/www.dame-a-la-licorne.com\/wp-content\/uploads\/2012\/12\/Henri-IV-165x300.jpg 165w, https:\/\/www.dame-a-la-licorne.com\/wp-content\/uploads\/2012\/12\/Henri-IV-82x150.jpg 82w, https:\/\/www.dame-a-la-licorne.com\/wp-content\/uploads\/2012\/12\/Henri-IV-565x1024.jpg 565w, https:\/\/www.dame-a-la-licorne.com\/wp-content\/uploads\/2012\/12\/Henri-IV-198x360.jpg 198w, https:\/\/www.dame-a-la-licorne.com\/wp-content\/uploads\/2012\/12\/Henri-IV.jpg 1237w\" sizes=\"auto, (max-width: 165px) 100vw, 165px\" \/><\/a><\/p>\n<address>\u00a0<\/address>\n<address>\u00a0XVI \u00e8me \/ XVII \u00e8me si\u00e8cle: <span style=\"text-decoration: underline;\">Costume Henri\u00a0 IV<\/span><\/address>\n<address>Compos\u00e9 d\u2019un haut de chausses longs jusqu\u2019aux genoux, bouffant et arr\u00eat\u00e9 par une \u00ab\u00a0jarreti\u00e8re\u00a0\u00bb\u00a0 de dentelle. Un collant noir habille les jambes. Pourpoint court \u00e0 collet montant agr\u00e9ment\u00e9 de dentelle marqu\u00e9 aux \u00e9paules par des bourrelets\u00a0 dit \u00ab\u00a0\u00e9paulettes \u00e0 la Henri VI\u00a0\u00bb. Une fraise entoure le cou. La\u00e7age au dos, bande de courtoisie, accessoiris\u00e9 d\u2019un chapeau dit \u00ab\u00a0 Albannais\u00a0\u00bb orn\u00e9 d\u2019un panache blanc.<\/address>\n<address>Mati\u00e8res utilis\u00e9es\u00a0: soieries, velours, velours frapp\u00e9s, dentelles, taffetas, couleurs sombres (gris, noir).<\/address>\n<address>\u00a0<\/address>\n<address>\u00a0<\/address>\n<address>\u00a0<\/address>\n<address>\u00a0<\/address>\n<address>\u00a0<\/address>\n<address>\u00a0<\/address>\n","protected":false},"excerpt":{"rendered":"<p>&nbsp; XIII \u00e8me si\u00e8cle: COTTE Robe de Noble Dame, ajust\u00e9e au buste, d\u00e9collet\u00e9 carr\u00e9, manches longues \u00e9vas\u00e9es orn\u00e9es de galon, longue jupe \u00e0 tra\u00eene, accessoiris\u00e9e d\u2019un tambourin, d\u2019un voile, d\u2019une ceinture\u00a0 la\u00e7age au dos, bande de courtoisie. Mati\u00e8res utilis\u00e9es : coton, velours. \u00a0 \u00a0 \u00a0 \u00a0 \u00a0 \u00a0 \u00a0 \u00a0 Moyen \u00e2ge:Paysan Costume compos\u00e9\u00a0: d\u2019une [&#038;hellip<\/p>\n","protected":false},"author":1,"featured_media":0,"parent":1462,"menu_order":9,"comment_status":"closed","ping_status":"closed","template":"template-fullwidth.php","meta":{"footnotes":""},"class_list":["post-17","page","type-page","status-publish","hentry"],"_links":{"self":[{"href":"https:\/\/www.dame-a-la-licorne.com\/index.php?rest_route=\/wp\/v2\/pages\/17","targetHints":{"allow":["GET"]}}],"collection":[{"href":"https:\/\/www.dame-a-la-licorne.com\/index.php?rest_route=\/wp\/v2\/pages"}],"about":[{"href":"https:\/\/www.dame-a-la-licorne.com\/index.php?rest_route=\/wp\/v2\/types\/page"}],"author":[{"embeddable":true,"href":"https:\/\/www.dame-a-la-licorne.com\/index.php?rest_route=\/wp\/v2\/users\/1"}],"replies":[{"embeddable":true,"href":"https:\/\/www.dame-a-la-licorne.com\/index.php?rest_route=%2Fwp%2Fv2%2Fcomments&post=17"}],"version-history":[{"count":53,"href":"https:\/\/www.dame-a-la-licorne.com\/index.php?rest_route=\/wp\/v2\/pages\/17\/revisions"}],"predecessor-version":[{"id":2175,"href":"https:\/\/www.dame-a-la-licorne.com\/index.php?rest_route=\/wp\/v2\/pages\/17\/revisions\/2175"}],"up":[{"embeddable":true,"href":"https:\/\/www.dame-a-la-licorne.com\/index.php?rest_route=\/wp\/v2\/pages\/1462"}],"wp:attachment":[{"href":"https:\/\/www.dame-a-la-licorne.com\/index.php?rest_route=%2Fwp%2Fv2%2Fmedia&parent=17"}],"curies":[{"name":"wp","href":"https:\/\/api.w.org\/{rel}","templated":true}]}}