{"id":25,"date":"2012-12-06T21:26:14","date_gmt":"2012-12-06T20:26:14","guid":{"rendered":"http:\/\/www2.dame-a-la-licorne.com\/qui-sommes-nous\/historique\/"},"modified":"2026-02-24T13:50:43","modified_gmt":"2026-02-24T12:50:43","slug":"historique","status":"publish","type":"page","link":"https:\/\/www.dame-a-la-licorne.com\/?page_id=25","title":{"rendered":"Association"},"content":{"rendered":"<h1>CHARTRES, VIII \u00e8me centenaire de la cath\u00e9drale<\/h1>\n<h1>Naissance de la Dame \u00e0 la Licorne<\/h1>\n<p>Le VIII \u00e8me centenaire, en hommage \u00e0 la cath\u00e9drale Notre Dame de Chartres organis\u00e9 par la Ville de Chartres et le Dioc\u00e8se, avec un calendrier de manifestations du 4 septembre au 17 octobre 1994, a eu une valeur de symbole.<\/p>\n<p>Les 10 et 11 septembre 1994, autour de la cath\u00e9drale de Chartres,\u00a0 et dans les quartiers historiques , une f\u00eate m\u00e9di\u00e9vale\u00a0dans les\u00a0rues m\u00e9di\u00e9vales a \u00e9t\u00e9 cr\u00e9\u00e9e gr\u00e2ce aux costumes d&rsquo;\u00e9poque. C&rsquo;est ainsi qu&rsquo;un atelier de cr\u00e9ations de centaines de costumes est n\u00e9 pour cette aventure. Plus de 4000 spectateurs et acteurs ont \u00e9t\u00e9 costum\u00e9s.<\/p>\n<p>Avec des formules diff\u00e9rentes (formations aupr\u00e8s des publics, associations &#8230;.), cet atelier \u00e0 vocation culturelle et sociale a permis \u00e0 une dizaine de personnes en contrats aid\u00e9s de se r\u00e9ins\u00e9rer professionnellement.<\/p>\n<p>Cet atelier portera le nom de la Dame \u00e0 la Licorne \u00e0 la cr\u00e9ation de son association en Mai 1995. Suite \u00e0 la visite du Mus\u00e9e de Cluny, les salari\u00e9s de l&rsquo;association ont d\u00e9cid\u00e9 de choisir ce nom.<\/p>\n<p>Actuellement l&rsquo;atelier accueille une vingtaine de personnes en parcours de transition professionnelle, encadr\u00e9es par un styliste cr\u00e9ateur encadrant technique aux talents exceptionnels.<\/p>\n<p>La pr\u00e9sidente, reconnue Femme Formidable 2011 par une revue nationale, croit \u00e0 cet outil porteur d&rsquo;espoir s&rsquo;ouvrant sur l&#8217;emploi d\u00e9finitif ou trouver une solution avec \u00ab\u00a0ses envies\u00a0\u00bb.<\/p>\n<p>La Pr\u00e9sidente, Monique Ann\u00e8de<\/p>\n<p>Les vices pr\u00e9c\u00e9dentes Josiane Le Bail-Jolly, Anne Marie Borderon<\/p>\n<p>&nbsp;<\/p>\n<p>&nbsp;<\/p>\n","protected":false},"excerpt":{"rendered":"<p>CHARTRES, VIII \u00e8me centenaire de la cath\u00e9drale Naissance de la Dame \u00e0 la Licorne Le VIII \u00e8me centenaire, en hommage \u00e0 la cath\u00e9drale Notre Dame de Chartres organis\u00e9 par la Ville de Chartres et le Dioc\u00e8se, avec un calendrier de manifestations du 4 septembre au 17 octobre 1994, a eu une valeur de symbole. Les [&#038;hellip<\/p>\n","protected":false},"author":1,"featured_media":0,"parent":0,"menu_order":8,"comment_status":"closed","ping_status":"open","template":"template-fullwidth.php","meta":{"footnotes":""},"class_list":["post-25","page","type-page","status-publish","hentry"],"_links":{"self":[{"href":"https:\/\/www.dame-a-la-licorne.com\/index.php?rest_route=\/wp\/v2\/pages\/25","targetHints":{"allow":["GET"]}}],"collection":[{"href":"https:\/\/www.dame-a-la-licorne.com\/index.php?rest_route=\/wp\/v2\/pages"}],"about":[{"href":"https:\/\/www.dame-a-la-licorne.com\/index.php?rest_route=\/wp\/v2\/types\/page"}],"author":[{"embeddable":true,"href":"https:\/\/www.dame-a-la-licorne.com\/index.php?rest_route=\/wp\/v2\/users\/1"}],"replies":[{"embeddable":true,"href":"https:\/\/www.dame-a-la-licorne.com\/index.php?rest_route=%2Fwp%2Fv2%2Fcomments&post=25"}],"version-history":[{"count":26,"href":"https:\/\/www.dame-a-la-licorne.com\/index.php?rest_route=\/wp\/v2\/pages\/25\/revisions"}],"predecessor-version":[{"id":2453,"href":"https:\/\/www.dame-a-la-licorne.com\/index.php?rest_route=\/wp\/v2\/pages\/25\/revisions\/2453"}],"wp:attachment":[{"href":"https:\/\/www.dame-a-la-licorne.com\/index.php?rest_route=%2Fwp%2Fv2%2Fmedia&parent=25"}],"curies":[{"name":"wp","href":"https:\/\/api.w.org\/{rel}","templated":true}]}}